{"id":455,"date":"2017-03-29T09:41:48","date_gmt":"2017-03-29T07:41:48","guid":{"rendered":"http:\/\/www.parchemins.bzh\/?page_id=455"},"modified":"2017-12-06T11:09:08","modified_gmt":"2017-12-06T10:09:08","slug":"axe-2","status":"publish","type":"page","link":"http:\/\/www.parchemins.bzh\/index.php\/presentation-du-projet\/axes-de-recherche\/axe-2\/","title":{"rendered":"Axe 2"},"content":{"rendered":"<h4 style=\"text-align: justify;\">Produire, valoriser et publiciser des donn\u00e9es qualitatives in\u00e9dites<\/h4>\n<p>&nbsp;<\/p>\n<p style=\"text-align: justify;\"><strong>Porteurs\u00a0: <\/strong><a href=\"http:\/\/www.parchemins.bzh\/index.php\/lequipe\/lequipe\/\">Florence Revelin, Sandrine Dup\u00e9<\/a><\/p>\n<p style=\"text-align: justify;\"><strong>Objectifs op\u00e9rationnels\u00a0: <\/strong><\/p>\n<ul>\n<li style=\"text-align: justify;\">Rendre disponible et vivante aupr\u00e8s d\u2019un public \u00e9largi la parole des agriculteurs au travers d\u2019un site Internet, aliment\u00e9 par des t\u00e9moignages, des archives, des documentaires radio, <em>etc<\/em>.;<\/li>\n<li style=\"text-align: justify;\">Construire de fa\u00e7on concert\u00e9e un protocole de publication des donn\u00e9es.<\/li>\n<\/ul>\n<p><strong>M\u00e9thodologie :<\/strong><\/p>\n<p>Parchemins, c&rsquo;est 5 sites d&rsquo;\u00e9tude, 4 enqu\u00eatrices. Pour pouvoir comparer les dynamiques territoriales propres \u00e0 chaque site, pour pouvoir d\u00e9finir ce que pourrait \u00eatre une agriculture littorale, nous avons d\u00e9fini un protocole de collectes, de stockage et de partage des donn\u00e9es.<\/p>\n<p>Les \u00e9l\u00e9ments r\u00e9colt\u00e9s sont divers. Il peuvent aussi bien \u00eatre des entretiens semi-dirig\u00e9s et non dirig\u00e9s que la mise en r\u00e9cit de ce qui a \u00e9t\u00e9 observ\u00e9 et partag\u00e9 avec les personnes rencontr\u00e9es, des archives locales publiques et priv\u00e9es, des photographies, ou des coupures de presse.<\/p>\n<p>Le protocole de collecte et de partage des donn\u00e9es sert de guide et de lien entre les enqu\u00eatrices, et rend les donn\u00e9es collect\u00e9es accessibles \u00e0 l&rsquo;ensemble de l&rsquo;\u00e9quipe de recherche. Il r\u00e9pond \u00e0 des questions telles que : <em>Comment se pr\u00e9senter \u00e0 nos interlocuteurs ? Quels \u00e9l\u00e9ments devons nous collecter ? Comment trier et nommer des photos, des entretiens, des archives, dans une base de donn\u00e9es commune ?<\/em><\/p>\n<p>Ces \u00e9l\u00e9ments garantissent un cadre \u00e9thique partag\u00e9, et rendent possible l&rsquo;analyse crois\u00e9e de centaines d&rsquo;entretiens, textes, photos, et autres \u00ab\u00a0morceaux de r\u00e9el\u00a0\u00bb collect\u00e9s sur les\u00a0 terrains d&rsquo;\u00e9tude.<\/p>\n<p>L&rsquo;\u00e9criture de <a href=\"http:\/\/www.parchemins.bzh\/index.php\/suis-fouesnantais-pur-jus-de-pomme-laurent-cain\/\">br\u00e8ves de terrain<\/a>, l&rsquo;\u00e9laboration de <a href=\"http:\/\/www.parchemins.bzh\/index.php\/outils\/sonotheque\/\">documentaires radio<\/a>, et les publications scientifiques sont autant de mises en valeur des donn\u00e9es collect\u00e9es dans le cadre de Parchemins.<\/p>\n<h4><img loading=\"lazy\" class=\"wp-image-1118 aligncenter\" src=\"http:\/\/www.parchemins.bzh\/wp-content\/uploads\/2017\/03\/Capture-300x242.jpg\" alt=\"\" width=\"372\" height=\"300\" srcset=\"http:\/\/www.parchemins.bzh\/wp-content\/uploads\/2017\/03\/Capture-300x242.jpg 300w, http:\/\/www.parchemins.bzh\/wp-content\/uploads\/2017\/03\/Capture-768x620.jpg 768w, http:\/\/www.parchemins.bzh\/wp-content\/uploads\/2017\/03\/Capture.jpg 994w\" sizes=\"(max-width: 372px) 100vw, 372px\" \/><\/h4>\n<p style=\"text-align: right;\"><a href=\"\/index.php\/presentation-du-projet\/axes-de-recherche\/axe-3\/\">Axe de recherche suivant<\/a><\/p>\n<p style=\"text-align: center;\"><a href=\"\/index.php\/presentation-du-projet\/axes-de-recherche\/axe-1\/\">Axe 1<\/a> &#8211; Axe 2 &#8211; <a href=\"\/index.php\/presentation-du-projet\/axes-de-recherche\/axe-3\/\">Axe 3<\/a> &#8211; <a href=\"\/index.php\/presentation-du-projet\/axes-de-recherche\/axe-a\/\">Axe A<\/a> &#8211;<a href=\"\/index.php\/presentation-du-projet\/axes-de-recherche\/axe-b\/\"> Axe B<\/a> &#8211; <a href=\"\/index.php\/presentation-du-projet\/axes-de-recherche\/axe-c\/\">Axe C<\/a><\/p>\n","protected":false},"excerpt":{"rendered":"<p>Produire, valoriser et publiciser des donn\u00e9es qualitatives in\u00e9dites &nbsp; Porteurs\u00a0: Florence Revelin, Sandrine Dup\u00e9 Objectifs op\u00e9rationnels\u00a0: Rendre disponible et vivante aupr\u00e8s d\u2019un public \u00e9largi la parole des agriculteurs au travers d\u2019un site Internet, aliment\u00e9 par des t\u00e9moignages, des archives, des documentaires radio, etc.; Construire de fa\u00e7on concert\u00e9e un protocole de publication des donn\u00e9es. M\u00e9thodologie : [&hellip;]<\/p>\n","protected":false},"author":1,"featured_media":0,"parent":371,"menu_order":0,"comment_status":"closed","ping_status":"closed","template":"","meta":[],"_links":{"self":[{"href":"http:\/\/www.parchemins.bzh\/index.php\/wp-json\/wp\/v2\/pages\/455"}],"collection":[{"href":"http:\/\/www.parchemins.bzh\/index.php\/wp-json\/wp\/v2\/pages"}],"about":[{"href":"http:\/\/www.parchemins.bzh\/index.php\/wp-json\/wp\/v2\/types\/page"}],"author":[{"embeddable":true,"href":"http:\/\/www.parchemins.bzh\/index.php\/wp-json\/wp\/v2\/users\/1"}],"replies":[{"embeddable":true,"href":"http:\/\/www.parchemins.bzh\/index.php\/wp-json\/wp\/v2\/comments?post=455"}],"version-history":[{"count":15,"href":"http:\/\/www.parchemins.bzh\/index.php\/wp-json\/wp\/v2\/pages\/455\/revisions"}],"predecessor-version":[{"id":1120,"href":"http:\/\/www.parchemins.bzh\/index.php\/wp-json\/wp\/v2\/pages\/455\/revisions\/1120"}],"up":[{"embeddable":true,"href":"http:\/\/www.parchemins.bzh\/index.php\/wp-json\/wp\/v2\/pages\/371"}],"wp:attachment":[{"href":"http:\/\/www.parchemins.bzh\/index.php\/wp-json\/wp\/v2\/media?parent=455"}],"curies":[{"name":"wp","href":"https:\/\/api.w.org\/{rel}","templated":true}]}}