{"id":1344,"date":"2018-03-14T14:51:09","date_gmt":"2018-03-14T13:51:09","guid":{"rendered":"http:\/\/www.parchemins.bzh\/?page_id=1344"},"modified":"2018-07-17T16:03:14","modified_gmt":"2018-07-17T14:03:14","slug":"entre-laven-lodet-situation-perspectives-de-lagriculture-baie-de-foret","status":"publish","type":"page","link":"http:\/\/www.parchemins.bzh\/index.php\/atelier\/rencontres-de-kervic\/programme\/entre-laven-lodet-situation-perspectives-de-lagriculture-baie-de-foret\/","title":{"rendered":"Entre Odet et Aven : l&rsquo;agriculture autour de la baie de la For\u00eat"},"content":{"rendered":"<ul>\n<li>\n<h5><strong>Causerie : <em>Quelle(s) agriculture(s) entre l&rsquo;Odet et l&rsquo;Aven?<\/em><\/strong><\/h5>\n<p>Pour introduire la premi\u00e8re s\u00e9rie de projections sur les enjeux et perspectives locales de l&rsquo;agriculture, Arsin\u00e9e Andr\u00e9 et Alix Levain (du projet Parchemins) ont anim\u00e9 un \u00e9change avec trois invit\u00e9s : Nicolas et Louis Dagorn, agriculteurs \u00e0 Tr\u00e9gunc, ainsi que Gildas Guiavarc\u2019h, ancien mara\u00eecher \u00e0 Concarneau. Ils racontent et illustrent \u00e0 travers leurs exp\u00e9riences, la situation et les enjeux qui touchent actuellement l&rsquo;agriculture dans le secteur de la baie de la For\u00eat, Finist\u00e8re Sud.<\/p>\n<p style=\"text-align: justify;\">La captation vid\u00e9o de cet \u00e9change entre les invit\u00e9s, les animatrices et le public sera bient\u00f4t disponible sur le site.<\/p>\n<p style=\"text-align: justify;\">L&rsquo;exploration de cette premi\u00e8re th\u00e9matique se poursuit par la diffusion de deux films r\u00e9cents (2014 et 2011) qui abordent par des angles diff\u00e9rents des exp\u00e9riences locales. Les projections ont \u00e9t\u00e9 accompagn\u00e9es d&rsquo;un temps d&rsquo;\u00e9change, tant\u00f4t avec des personnes film\u00e9es dans les documentaires, tant\u00f4t avec le r\u00e9alisateur qui a fait le choix de traiter de ce sujet.<\/p>\n<\/li>\n<\/ul>\n<p>&nbsp;<\/p>\n<p>&nbsp;<\/p>\n<ul>\n<li>\n<h5><em><strong>Les h\u00e9ritiers de la terre<\/strong>.<\/em> De Sylvain Vesco, 2014 (52&prime;)<\/h5>\n<h5><\/h5>\n<div id=\"attachment_1749\" style=\"width: 620px\" class=\"wp-caption aligncenter\"><img aria-describedby=\"caption-attachment-1749\" loading=\"lazy\" class=\"wp-image-1749 size-large\" src=\"http:\/\/www.parchemins.bzh\/wp-content\/uploads\/2018\/03\/OK-Herterre-1024x528.jpg\" alt=\"\" width=\"610\" height=\"315\" srcset=\"http:\/\/www.parchemins.bzh\/wp-content\/uploads\/2018\/03\/OK-Herterre-1024x528.jpg 1024w, http:\/\/www.parchemins.bzh\/wp-content\/uploads\/2018\/03\/OK-Herterre-300x155.jpg 300w, http:\/\/www.parchemins.bzh\/wp-content\/uploads\/2018\/03\/OK-Herterre-768x396.jpg 768w, http:\/\/www.parchemins.bzh\/wp-content\/uploads\/2018\/03\/OK-Herterre-1320x681.jpg 1320w, http:\/\/www.parchemins.bzh\/wp-content\/uploads\/2018\/03\/OK-Herterre.jpg 1500w\" sizes=\"(max-width: 610px) 100vw, 610px\" \/><p id=\"caption-attachment-1749\" class=\"wp-caption-text\">Discussion autour du film Les <em>H\u00e9ritiers de la terre<\/em> \u00e0 l&rsquo;issue de la projection. \u00a9Abdelaziz Elazhari<\/p><\/div>\n<p style=\"text-align: justify;\">Inscrits en dernie\u0300re anne\u0301e de BTS dans un lyce\u0301e agricole du Finiste\u0300re, Goulwen, Me\u0301lanie et Ronan s\u2019appre\u0302tent a\u0300 devenir agriculteurs. Au fil des saisons, ce film les accompagne dans leurs cheminements, entre le lyce\u0301e et l\u2019exploitation familiale. A 19 ans, ces trois jeunes vivent une pe\u0301riode transitoire et s\u2019avancent vers le monde adulte et professionnel, a\u0300 la croise\u0301e des chemins entre le poids de l\u2019he\u0301ritage familial et leurs aspirations personnelles.<\/p>\n<\/li>\n<\/ul>\n<p><iframe loading=\"lazy\" src=\"https:\/\/player.vimeo.com\/video\/152567511\" width=\"640\" height=\"360\" frameborder=\"0\" allowfullscreen=\"allowfullscreen\"><\/iframe><\/p>\n<ul>\n<li>Projection suivie d&rsquo;un \u00e9change avec Ronan Le Goc, agriculteur \u00e0 Mellac, et Anne Bouilly et Viviane Launay, enseignantes au lyc\u00e9e agricole de Br\u00e9houlou.<\/li>\n<\/ul>\n<p>&nbsp;<\/p>\n<p>&nbsp;<\/p>\n<ul>\n<li style=\"text-align: justify;\">\n<h5><strong><em>Trop loin, trop proche<\/em><\/strong>. De Gurvan Hu\u00e9, 2011 (55&prime;)<\/h5>\n<p>Depuis bient\u00f4t trois ans, Jean-Cyril travaille en Indon\u00e9sie dans une ONG pour le d\u00e9veloppement agricole. Son contrat s&rsquo;ach\u00e8ve et il rentre en Bretagne avec le projet de s&rsquo;installer comme agriculteur bio. Mais comment trouver une place o\u00f9 rester apr\u00e8s avoir fait l&rsquo;exp\u00e9rience de l&rsquo;ailleurs ? Jean-Cyril cherche sa propre r\u00e9ponse, aid\u00e9 en cela par l&rsquo;exp\u00e9rience singuli\u00e8re d&rsquo;autres jeunes agriculteurs rencontr\u00e9s sur son chemin.<\/li>\n<\/ul>\n<p>&nbsp;<\/p>\n<div id=\"attachment_1750\" style=\"width: 620px\" class=\"wp-caption aligncenter\"><img aria-describedby=\"caption-attachment-1750\" loading=\"lazy\" class=\"wp-image-1750 size-large\" src=\"http:\/\/www.parchemins.bzh\/wp-content\/uploads\/2018\/03\/gurvan-1024x508.jpg\" alt=\"\" width=\"610\" height=\"303\" srcset=\"http:\/\/www.parchemins.bzh\/wp-content\/uploads\/2018\/03\/gurvan-1024x508.jpg 1024w, http:\/\/www.parchemins.bzh\/wp-content\/uploads\/2018\/03\/gurvan-300x149.jpg 300w, http:\/\/www.parchemins.bzh\/wp-content\/uploads\/2018\/03\/gurvan-768x381.jpg 768w, http:\/\/www.parchemins.bzh\/wp-content\/uploads\/2018\/03\/gurvan-1320x655.jpg 1320w, http:\/\/www.parchemins.bzh\/wp-content\/uploads\/2018\/03\/gurvan.jpg 1500w\" sizes=\"(max-width: 610px) 100vw, 610px\" \/><p id=\"caption-attachment-1750\" class=\"wp-caption-text\">Echange avec la salle \u00e0 l&rsquo;issue de la projection de Trop loin, trop proche \u00a9Abdelaziz Elazhari<\/p><\/div>\n<p>&nbsp;<\/p>\n<ul>\n<li class=\"mceTemp\">Projection, suivie d&rsquo;un \u00e9change avec le r\u00e9alisateur et le p\u00e8re et le fr\u00e8re de Jean-Cyril, agriculteurs\u00a0 \u00e0 Tr\u00e9gunc.<\/li>\n<\/ul>\n<p>&nbsp;<\/p>\n<p>&nbsp;<\/p>\n<p style=\"text-align: left;\">\n","protected":false},"excerpt":{"rendered":"<p>Causerie : Quelle(s) agriculture(s) entre l&rsquo;Odet et l&rsquo;Aven? Pour introduire la premi\u00e8re s\u00e9rie de projections sur les enjeux et perspectives locales de l&rsquo;agriculture, Arsin\u00e9e Andr\u00e9 et Alix Levain (du projet Parchemins) ont anim\u00e9 un \u00e9change avec trois invit\u00e9s : Nicolas et Louis Dagorn, agriculteurs \u00e0 Tr\u00e9gunc, ainsi que Gildas Guiavarc\u2019h, ancien mara\u00eecher \u00e0 Concarneau. Ils [&hellip;]<\/p>\n","protected":false},"author":2,"featured_media":0,"parent":1382,"menu_order":1,"comment_status":"closed","ping_status":"closed","template":"","meta":[],"_links":{"self":[{"href":"http:\/\/www.parchemins.bzh\/index.php\/wp-json\/wp\/v2\/pages\/1344"}],"collection":[{"href":"http:\/\/www.parchemins.bzh\/index.php\/wp-json\/wp\/v2\/pages"}],"about":[{"href":"http:\/\/www.parchemins.bzh\/index.php\/wp-json\/wp\/v2\/types\/page"}],"author":[{"embeddable":true,"href":"http:\/\/www.parchemins.bzh\/index.php\/wp-json\/wp\/v2\/users\/2"}],"replies":[{"embeddable":true,"href":"http:\/\/www.parchemins.bzh\/index.php\/wp-json\/wp\/v2\/comments?post=1344"}],"version-history":[{"count":27,"href":"http:\/\/www.parchemins.bzh\/index.php\/wp-json\/wp\/v2\/pages\/1344\/revisions"}],"predecessor-version":[{"id":1757,"href":"http:\/\/www.parchemins.bzh\/index.php\/wp-json\/wp\/v2\/pages\/1344\/revisions\/1757"}],"up":[{"embeddable":true,"href":"http:\/\/www.parchemins.bzh\/index.php\/wp-json\/wp\/v2\/pages\/1382"}],"wp:attachment":[{"href":"http:\/\/www.parchemins.bzh\/index.php\/wp-json\/wp\/v2\/media?parent=1344"}],"curies":[{"name":"wp","href":"https:\/\/api.w.org\/{rel}","templated":true}]}}